{"id":448,"date":"2016-03-21T09:58:31","date_gmt":"2016-03-21T09:58:31","guid":{"rendered":"http:\/\/okthemes.com\/villenoirdemo\/?page_id=448"},"modified":"2025-06-23T07:25:08","modified_gmt":"2025-06-23T07:25:08","slug":"vigneti","status":"publish","type":"page","link":"https:\/\/cantinasandonaci.eu\/en\/vigneti\/","title":{"rendered":"I Vigneti"},"content":{"rendered":"<div class=\"wpb-content-wrapper\"><div data-vc-full-width=\"true\" data-vc-full-width-init=\"false\" data-vc-stretch-content=\"true\" class=\"vc_row wpb_row vc_row-fluid vc_custom_1587735522953 vc_row-no-padding vc_row-o-equal-height vc_row-flex\"><div class=\"wpb_column vc_column_container vc_col-sm-12\"><div class=\"vc_column-inner\"><div class=\"wpb_wrapper\"><div class=\"wpb_gallery wpb_content_element vc_clearfix wpb_content_element\" ><div class=\"wpb_wrapper\"><div class=\"wpb_gallery_slides wpb_flexslider flexslider_fade flexslider\" data-interval=\"0\" data-flex_fx=\"fade\"><ul class=\"slides\"><li><img loading=\"lazy\" decoding=\"async\" width=\"2560\" height=\"1714\" src=\"https:\/\/cantinasandonaci.eu\/wp-content\/uploads\/2020\/05\/DSC_1304-scaled.jpg\" class=\"attachment-full\" alt=\"\" title=\"DSC_1304\" srcset=\"https:\/\/cantinasandonaci.eu\/wp-content\/uploads\/2020\/05\/DSC_1304-scaled.jpg 2560w, https:\/\/cantinasandonaci.eu\/wp-content\/uploads\/2020\/05\/DSC_1304-300x201.jpg 300w, https:\/\/cantinasandonaci.eu\/wp-content\/uploads\/2020\/05\/DSC_1304-1024x685.jpg 1024w, https:\/\/cantinasandonaci.eu\/wp-content\/uploads\/2020\/05\/DSC_1304-768x514.jpg 768w, https:\/\/cantinasandonaci.eu\/wp-content\/uploads\/2020\/05\/DSC_1304-1536x1028.jpg 1536w, https:\/\/cantinasandonaci.eu\/wp-content\/uploads\/2020\/05\/DSC_1304-2048x1371.jpg 2048w\" sizes=\"auto, (max-width: 2560px) 100vw, 2560px\" \/><\/li><li><img loading=\"lazy\" decoding=\"async\" width=\"2560\" height=\"1440\" src=\"https:\/\/cantinasandonaci.eu\/wp-content\/uploads\/2020\/05\/20190918_172633-scaled.jpg\" class=\"attachment-full\" alt=\"\" title=\"20190918_172633\" srcset=\"https:\/\/cantinasandonaci.eu\/wp-content\/uploads\/2020\/05\/20190918_172633-scaled.jpg 2560w, https:\/\/cantinasandonaci.eu\/wp-content\/uploads\/2020\/05\/20190918_172633-300x169.jpg 300w, https:\/\/cantinasandonaci.eu\/wp-content\/uploads\/2020\/05\/20190918_172633-1024x576.jpg 1024w, https:\/\/cantinasandonaci.eu\/wp-content\/uploads\/2020\/05\/20190918_172633-768x432.jpg 768w, https:\/\/cantinasandonaci.eu\/wp-content\/uploads\/2020\/05\/20190918_172633-1536x864.jpg 1536w, https:\/\/cantinasandonaci.eu\/wp-content\/uploads\/2020\/05\/20190918_172633-2048x1152.jpg 2048w\" sizes=\"auto, (max-width: 2560px) 100vw, 2560px\" \/><\/li><li><img loading=\"lazy\" decoding=\"async\" width=\"1024\" height=\"686\" src=\"https:\/\/cantinasandonaci.eu\/wp-content\/uploads\/2020\/07\/8D1E6F6D-61A8-42D3-A51C-C3076F740270.jpeg\" class=\"attachment-full\" alt=\"\" title=\"8D1E6F6D-61A8-42D3-A51C-C3076F740270\" srcset=\"https:\/\/cantinasandonaci.eu\/wp-content\/uploads\/2020\/07\/8D1E6F6D-61A8-42D3-A51C-C3076F740270.jpeg 1024w, https:\/\/cantinasandonaci.eu\/wp-content\/uploads\/2020\/07\/8D1E6F6D-61A8-42D3-A51C-C3076F740270-300x201.jpeg 300w, https:\/\/cantinasandonaci.eu\/wp-content\/uploads\/2020\/07\/8D1E6F6D-61A8-42D3-A51C-C3076F740270-768x515.jpeg 768w\" sizes=\"auto, (max-width: 1024px) 100vw, 1024px\" \/><\/li><\/ul><\/div><\/div><\/div><\/div><\/div><\/div><\/div><div class=\"vc_row-full-width vc_clearfix\"><\/div><div class=\"vc_row wpb_row vc_row-fluid vc_custom_1458737831058\"><div class=\"wpb_column vc_column_container vc_col-sm-12\"><div class=\"vc_column-inner\"><div class=\"wpb_wrapper\">\n\t<div class=\"title-subtitle-box \" style=\" text-align: center;\">\n\t\t<p  style=\"\">La storia dei<\/p>\n\t\t<h1 style=\" font-style: normal;\">Vigneti Cantina San Donaci<\/h1>\n\t<\/div> \n\t<div class=\"wpb_text_column wpb_content_element \" >\n\t\t<div class=\"wpb_wrapper\">\n\t\t\t<p style=\"text-align: justify\">Le propriet\u00e0 dei soci dell\u2019azienda si trovano tutte nella zona storica del Salice Salentino nelle aree maggiormente vocate, con una estensione di circa 320 ettari \u00a0e con notevole variet\u00e0 di terreni e microclima.<\/p>\n<p style=\"text-align: left\">Proprio per esprimere al meglio queste micro-zone vinifichiamo separatamente le uve provenienti dai vigneti pi\u00f9 importanti, ottenendo cos\u00ec un miglior risultato in termini di qualit\u00e0 del nostro vino in bottiglia.<br \/>\nI vigneti sono coltivati su terrazzamenti \u00a0calcareo-argillosi che si adattano bene ai climi caldi ed aridi. In funzione della disponibilit\u00e0 irrigua e della tipologia di vino da produrre, possiamo avere differenti forme di allevamento a diverso livello di espansione (alberello e spalliera) con potatura sia lunga che corta. Naturalmente l\u2019azienda \u00e8 impegnata a salvaguardare l\u2019Alberello Pugliese che \u00a0ha origini molto antiche.\u00a0E\u2019 una forma di allevamento fortemente associata alla tradizione viticola delle regioni mediterranee ed \u00e8 caratterizzata da uno sviluppo contenuto della pianta e da un limitato carico di gemme, caratteristiche queste che danno origine ad uve di qualit\u00e0 nettamente superiore rispetto ai sistemi tradizionali.<\/p>\n\n\t\t<\/div>\n\t<\/div>\n<div class=\"gg-horizontal-list \"><dl class=\"horizontal\">\n\t<dt >Ettari<\/dt>\n\t<dd >320<\/dd>\n\t<dt >Tipologia di Suolo<\/dt>\n\t<dd >Calcareo-argilloso<\/dd><\/dl><\/div><\/div><\/div><\/div><\/div><div data-vc-full-width=\"true\" data-vc-full-width-init=\"false\" class=\"vc_row wpb_row vc_row-fluid vc_custom_1587733230533 vc_row-has-fill\"><div class=\"wpb_column vc_column_container vc_col-sm-12\"><div class=\"vc_column-inner\"><div class=\"wpb_wrapper\">\n\t<div  class=\"wpb_single_image wpb_content_element vc_align_left wpb_content_element vc_custom_1593974873127\">\n\t\t\n\t\t<figure class=\"wpb_wrapper vc_figure\">\n\t\t\t<div class=\"vc_single_image-wrapper   vc_box_border_grey\"><img loading=\"lazy\" decoding=\"async\" width=\"1028\" height=\"1536\" src=\"https:\/\/cantinasandonaci.eu\/wp-content\/uploads\/2020\/07\/DC548D84-BD45-4292-9266-35579301BBF9.jpeg\" class=\"vc_single_image-img attachment-full\" alt=\"\" title=\"DC548D84-BD45-4292-9266-35579301BBF9\" srcset=\"https:\/\/cantinasandonaci.eu\/wp-content\/uploads\/2020\/07\/DC548D84-BD45-4292-9266-35579301BBF9.jpeg 1028w, https:\/\/cantinasandonaci.eu\/wp-content\/uploads\/2020\/07\/DC548D84-BD45-4292-9266-35579301BBF9-201x300.jpeg 201w, https:\/\/cantinasandonaci.eu\/wp-content\/uploads\/2020\/07\/DC548D84-BD45-4292-9266-35579301BBF9-685x1024.jpeg 685w, https:\/\/cantinasandonaci.eu\/wp-content\/uploads\/2020\/07\/DC548D84-BD45-4292-9266-35579301BBF9-768x1148.jpeg 768w\" sizes=\"auto, (max-width: 1028px) 100vw, 1028px\" \/><\/div>\n\t\t<\/figure>\n\t<\/div>\n<\/div><\/div><\/div><\/div><div class=\"vc_row-full-width vc_clearfix\"><\/div><div data-vc-full-width=\"true\" data-vc-full-width-init=\"false\" data-vc-stretch-content=\"true\" class=\"vc_row wpb_row vc_row-fluid vc_custom_1587734536678 vc_row-no-padding vc_row-o-equal-height vc_row-o-content-middle vc_row-flex\"><div class=\"wpb_column vc_column_container vc_col-sm-12 vc_col-lg-6 vc_col-md-6\"><div class=\"vc_column-inner  vc_custom_1460629151533\"><div class=\"wpb_wrapper\">\n\t<div class=\"title-subtitle-box \" style=\" margin-bottom:90px; text-align: center;\">\n\t\t<h1 style=\" font-style: normal;\">Le Uve<\/h1>\n\t<\/div> \n\t<div class=\"wpb_text_column wpb_content_element  vc_custom_1750663521912\" >\n\t\t<div class=\"wpb_wrapper\">\n\t\t\t<p style=\"text-align: justify\">Cantina San Donaci vinifica solo le uve autoctone dei propri vigneti: insieme alle tre uve storiche Negroamaro, Primitivo, Malvasia Nera e Susumaniello, vengono usate anche quantit\u00e0 minori di altre variet\u00e0 come Malvasia Bianca, Chardonnay, \u00a0Bombino, Trebbiano, ecc.<\/p>\n<p>Il Negroamaro \u00e8 reputato il vitigno pi\u00f9 importante per l\u2019apporto di tannino e sostanze coloranti. Di origine ignota, \u00e8 diffuso da lunghissimo tempo nella zona ionica. Il nome deriverebbe, secondo alcuni, dal termine dialettale niuru maru, per identificarne il sapore amarognolo del vino. Presenta una produzione abbondante e costante. Preferisce terreni calcareo-argillosi; si adatta bene ai climi caldi ed aridi. Il vino ottenuto da queste uve risulta di colore rosso-granato intenso; sapore rotondo, amarognolo, asciutto.<\/p>\n\n\t\t<\/div>\n\t<\/div>\n<div class=\"wpb_gallery wpb_content_element vc_clearfix wpb_content_element\" ><div class=\"wpb_wrapper\"><div class=\"wpb_gallery_slides wpb_image_grid\" data-interval=\"3\"><ul class=\"wpb_image_grid_ul\"><li class=\"isotope-item\"><a class=\"\" href=\"https:\/\/cantinasandonaci.eu\/wp-content\/uploads\/2020\/04\/Ceppo.jpg\" data-lightbox=\"lightbox[rel-448-1794153793]\"><img loading=\"lazy\" decoding=\"async\" width=\"150\" height=\"150\" src=\"https:\/\/cantinasandonaci.eu\/wp-content\/uploads\/2020\/04\/Ceppo-150x150.jpg\" class=\"attachment-thumbnail\" alt=\"\" title=\"Ceppo\" srcset=\"https:\/\/cantinasandonaci.eu\/wp-content\/uploads\/2020\/04\/Ceppo-150x150.jpg 150w, https:\/\/cantinasandonaci.eu\/wp-content\/uploads\/2020\/04\/Ceppo-140x140.jpg 140w\" sizes=\"auto, (max-width: 150px) 100vw, 150px\" \/><\/a><\/li><li class=\"isotope-item\"><a class=\"\" href=\"https:\/\/cantinasandonaci.eu\/wp-content\/uploads\/2020\/04\/Le-Uve-Picture-1.jpg\" data-lightbox=\"lightbox[rel-448-1794153793]\"><img loading=\"lazy\" decoding=\"async\" width=\"150\" height=\"150\" src=\"https:\/\/cantinasandonaci.eu\/wp-content\/uploads\/2020\/04\/Le-Uve-Picture-1-150x150.jpg\" class=\"attachment-thumbnail\" alt=\"\" title=\"Le Uve Picture 1\" srcset=\"https:\/\/cantinasandonaci.eu\/wp-content\/uploads\/2020\/04\/Le-Uve-Picture-1-150x150.jpg 150w, https:\/\/cantinasandonaci.eu\/wp-content\/uploads\/2020\/04\/Le-Uve-Picture-1-140x140.jpg 140w\" sizes=\"auto, (max-width: 150px) 100vw, 150px\" \/><\/a><\/li><li class=\"isotope-item\"><a class=\"\" href=\"https:\/\/cantinasandonaci.eu\/wp-content\/uploads\/2020\/04\/Le-uve-Picture-3.jpg\" data-lightbox=\"lightbox[rel-448-1794153793]\"><img loading=\"lazy\" decoding=\"async\" width=\"150\" height=\"150\" src=\"https:\/\/cantinasandonaci.eu\/wp-content\/uploads\/2020\/04\/Le-uve-Picture-3-150x150.jpg\" class=\"attachment-thumbnail\" alt=\"\" title=\"Le uve Picture 3\" srcset=\"https:\/\/cantinasandonaci.eu\/wp-content\/uploads\/2020\/04\/Le-uve-Picture-3-150x150.jpg 150w, https:\/\/cantinasandonaci.eu\/wp-content\/uploads\/2020\/04\/Le-uve-Picture-3-140x140.jpg 140w\" sizes=\"auto, (max-width: 150px) 100vw, 150px\" \/><\/a><\/li><li class=\"isotope-item\"><a class=\"\" href=\"https:\/\/cantinasandonaci.eu\/wp-content\/uploads\/2020\/04\/uve-bianche_1024x681.jpg\" data-lightbox=\"lightbox[rel-448-1794153793]\"><img loading=\"lazy\" decoding=\"async\" width=\"150\" height=\"150\" src=\"https:\/\/cantinasandonaci.eu\/wp-content\/uploads\/2020\/04\/uve-bianche_1024x681-150x150.jpg\" class=\"attachment-thumbnail\" alt=\"\" title=\"uve bianche_1024x681\" srcset=\"https:\/\/cantinasandonaci.eu\/wp-content\/uploads\/2020\/04\/uve-bianche_1024x681-150x150.jpg 150w, https:\/\/cantinasandonaci.eu\/wp-content\/uploads\/2020\/04\/uve-bianche_1024x681-140x140.jpg 140w\" sizes=\"auto, (max-width: 150px) 100vw, 150px\" \/><\/a><\/li><li class=\"isotope-item\"><a class=\"\" href=\"https:\/\/cantinasandonaci.eu\/wp-content\/uploads\/2020\/05\/DSC_1275-685x1024.jpg\" data-lightbox=\"lightbox[rel-448-1794153793]\"><img loading=\"lazy\" decoding=\"async\" width=\"150\" height=\"150\" src=\"https:\/\/cantinasandonaci.eu\/wp-content\/uploads\/2020\/05\/DSC_1275-150x150.jpg\" class=\"attachment-thumbnail\" alt=\"\" title=\"DSC_1275\" srcset=\"https:\/\/cantinasandonaci.eu\/wp-content\/uploads\/2020\/05\/DSC_1275-150x150.jpg 150w, https:\/\/cantinasandonaci.eu\/wp-content\/uploads\/2020\/05\/DSC_1275-scaled-140x140.jpg 140w\" sizes=\"auto, (max-width: 150px) 100vw, 150px\" \/><\/a><\/li><li class=\"isotope-item\"><a class=\"\" href=\"https:\/\/cantinasandonaci.eu\/wp-content\/uploads\/2020\/05\/DSC_1277-1024x686.jpg\" data-lightbox=\"lightbox[rel-448-1794153793]\"><img loading=\"lazy\" decoding=\"async\" width=\"150\" height=\"150\" src=\"https:\/\/cantinasandonaci.eu\/wp-content\/uploads\/2020\/05\/DSC_1277-150x150.jpg\" class=\"attachment-thumbnail\" alt=\"\" title=\"DSC_1277\" srcset=\"https:\/\/cantinasandonaci.eu\/wp-content\/uploads\/2020\/05\/DSC_1277-150x150.jpg 150w, https:\/\/cantinasandonaci.eu\/wp-content\/uploads\/2020\/05\/DSC_1277-140x140.jpg 140w\" sizes=\"auto, (max-width: 150px) 100vw, 150px\" \/><\/a><\/li><li class=\"isotope-item\"><a class=\"\" href=\"https:\/\/cantinasandonaci.eu\/wp-content\/uploads\/2020\/05\/DSC_1308-1024x686.jpg\" data-lightbox=\"lightbox[rel-448-1794153793]\"><img loading=\"lazy\" decoding=\"async\" width=\"150\" height=\"150\" src=\"https:\/\/cantinasandonaci.eu\/wp-content\/uploads\/2020\/05\/DSC_1308-150x150.jpg\" class=\"attachment-thumbnail\" alt=\"\" title=\"DSC_1308\" srcset=\"https:\/\/cantinasandonaci.eu\/wp-content\/uploads\/2020\/05\/DSC_1308-150x150.jpg 150w, https:\/\/cantinasandonaci.eu\/wp-content\/uploads\/2020\/05\/DSC_1308-140x140.jpg 140w\" sizes=\"auto, (max-width: 150px) 100vw, 150px\" \/><\/a><\/li><\/ul><\/div><\/div><\/div><\/div><\/div><\/div><div class=\"wpb_column vc_column_container vc_col-sm-12 vc_col-lg-6 vc_col-md-6\"><div class=\"vc_column-inner  vc_custom_1460629135634\"><div class=\"wpb_wrapper\"><\/div><\/div><\/div><\/div><div class=\"vc_row-full-width vc_clearfix\"><\/div><div data-vc-full-width=\"true\" data-vc-full-width-init=\"false\" class=\"vc_row wpb_row vc_row-fluid vc_custom_1589615540095 vc_row-has-fill\"><div class=\"wpb_column vc_column_container vc_col-sm-12 vc_col-lg-offset-2 vc_col-lg-8 vc_col-md-offset-2 vc_col-md-8\"><div class=\"vc_column-inner\"><div class=\"wpb_wrapper\">\n\t<div class=\"title-subtitle-box \" style=\" margin-bottom:90px; text-align: center;\">\n\t\t<p  style=\"\">Il Nostro Indirizzo<\/p>\n\t\t<h1 style=\" font-style: normal;\">Via Mesagne, 62, 72025 San Donaci BR<\/h1>\n\t<\/div> <div class=\"vc_btn3-container vc_btn3-center vc_do_btn\" ><a style=\"background-color:#b0976d; color:#ffffff;\" class=\"vc_general vc_btn3 vc_btn3-size-md vc_btn3-shape-square vc_btn3-style-custom\" href=\"https:\/\/cantinasandonaci.eu\/contact\/\" title=\"Contatti\">Mappa e Contatti<\/a><\/div><\/div><\/div><\/div><\/div><div class=\"vc_row-full-width vc_clearfix\"><\/div>\n<\/div>","protected":false},"excerpt":{"rendered":"La storia dei Vigneti Cantina San Donaci Le propriet\u00e0 dei soci dell\u2019azienda si trovano tutte nella zona storica del Salice Salentino nelle aree maggiormente vocate, con una estensione di circa<br class=\"read-more-spacer\"> <a class=\"more-link\" href=\"https:\/\/cantinasandonaci.eu\/en\/vigneti\/\">Read More<\/a>","protected":false},"author":1,"featured_media":0,"parent":0,"menu_order":0,"comment_status":"closed","ping_status":"closed","template":"","meta":{"_acf_changed":false,"footnotes":""},"class_list":["post-448","page","type-page","status-publish","hentry"],"acf":[],"_links":{"self":[{"href":"https:\/\/cantinasandonaci.eu\/en\/wp-json\/wp\/v2\/pages\/448","targetHints":{"allow":["GET"]}}],"collection":[{"href":"https:\/\/cantinasandonaci.eu\/en\/wp-json\/wp\/v2\/pages"}],"about":[{"href":"https:\/\/cantinasandonaci.eu\/en\/wp-json\/wp\/v2\/types\/page"}],"author":[{"embeddable":true,"href":"https:\/\/cantinasandonaci.eu\/en\/wp-json\/wp\/v2\/users\/1"}],"replies":[{"embeddable":true,"href":"https:\/\/cantinasandonaci.eu\/en\/wp-json\/wp\/v2\/comments?post=448"}],"version-history":[{"count":43,"href":"https:\/\/cantinasandonaci.eu\/en\/wp-json\/wp\/v2\/pages\/448\/revisions"}],"predecessor-version":[{"id":3186,"href":"https:\/\/cantinasandonaci.eu\/en\/wp-json\/wp\/v2\/pages\/448\/revisions\/3186"}],"wp:attachment":[{"href":"https:\/\/cantinasandonaci.eu\/en\/wp-json\/wp\/v2\/media?parent=448"}],"curies":[{"name":"wp","href":"https:\/\/api.w.org\/{rel}","templated":true}]}}